{"id":1609,"date":"2018-07-30T10:16:01","date_gmt":"2018-07-30T08:16:01","guid":{"rendered":"https:\/\/rotiroti.it\/biography\/"},"modified":"2022-04-29T11:48:50","modified_gmt":"2022-04-29T09:48:50","slug":"biography","status":"publish","type":"page","link":"https:\/\/rotiroti.it\/en\/biography\/","title":{"rendered":"Biography"},"content":{"rendered":"\t\t<div data-elementor-type=\"wp-post\" data-elementor-id=\"1609\" class=\"elementor elementor-1609 elementor-19\" data-elementor-post-type=\"page\">\n\t\t\t\t\t\t<section class=\"elementor-section elementor-top-section elementor-element elementor-element-3a4292f elementor-section-boxed elementor-section-height-default elementor-section-height-default\" data-id=\"3a4292f\" data-element_type=\"section\" data-e-type=\"section\">\n\t\t\t\t\t\t<div class=\"elementor-container elementor-column-gap-default\">\n\t\t\t\t\t<div class=\"elementor-column elementor-col-50 elementor-top-column elementor-element elementor-element-67976e3\" data-id=\"67976e3\" data-element_type=\"column\" data-e-type=\"column\">\n\t\t\t<div class=\"elementor-widget-wrap elementor-element-populated\">\n\t\t\t\t\t\t<div class=\"elementor-element elementor-element-c1ba23b elementor-widget elementor-widget-image\" data-id=\"c1ba23b\" data-element_type=\"widget\" data-e-type=\"widget\" data-widget_type=\"image.default\">\n\t\t\t\t\t\t\t\t\t\t\t\t<figure class=\"wp-caption\">\n\t\t\t\t\t\t\t\t\t\t<img fetchpriority=\"high\" decoding=\"async\" width=\"700\" height=\"845\" src=\"https:\/\/rotiroti.it\/wp-content\/uploads\/2014\/11\/Ritratto-29-gg.jpg\" class=\"attachment-large size-large wp-image-1103\" alt=\"\" srcset=\"https:\/\/rotiroti.it\/wp-content\/uploads\/2014\/11\/Ritratto-29-gg.jpg 700w, https:\/\/rotiroti.it\/wp-content\/uploads\/2014\/11\/Ritratto-29-gg-248x300.jpg 248w\" sizes=\"(max-width: 700px) 100vw, 700px\" \/>\t\t\t\t\t\t\t\t\t\t\t<figcaption class=\"widget-image-caption wp-caption-text\">Foto: Andreas Romagnoli<\/figcaption>\n\t\t\t\t\t\t\t\t\t\t<\/figure>\n\t\t\t\t\t\t\t\t\t<\/div>\n\t\t\t\t<div class=\"elementor-element elementor-element-b157f64 elementor-widget elementor-widget-text-editor\" data-id=\"b157f64\" data-element_type=\"widget\" data-e-type=\"widget\" data-widget_type=\"text-editor.default\">\n\t\t\t\t\t\t\t\t\t<p style=\"text-align: center;\">Nicola Rotiroti, born 24th June 1973 in Catanzaro , he lives and works in Rome.<\/p>\t\t\t\t\t\t\t\t<\/div>\n\t\t\t\t<div class=\"elementor-element elementor-element-cc8b2cf elementor-widget elementor-widget-spacer\" data-id=\"cc8b2cf\" data-element_type=\"widget\" data-e-type=\"widget\" data-widget_type=\"spacer.default\">\n\t\t\t\t\t\t\t<div class=\"elementor-spacer\">\n\t\t\t<div class=\"elementor-spacer-inner\"><\/div>\n\t\t<\/div>\n\t\t\t\t\t\t<\/div>\n\t\t\t\t<div class=\"elementor-element elementor-element-5373bb2 elementor-widget elementor-widget-image\" data-id=\"5373bb2\" data-element_type=\"widget\" data-e-type=\"widget\" data-widget_type=\"image.default\">\n\t\t\t\t\t\t\t\t\t\t\t\t<figure class=\"wp-caption\">\n\t\t\t\t\t\t\t\t\t\t<img decoding=\"async\" width=\"1024\" height=\"1024\" src=\"https:\/\/rotiroti.it\/wp-content\/uploads\/2018\/07\/258657_1981036018234_1613217351_1929211_3487481_o-1024x1024.jpg\" class=\"attachment-large size-large wp-image-1425\" alt=\"\" srcset=\"https:\/\/rotiroti.it\/wp-content\/uploads\/2018\/07\/258657_1981036018234_1613217351_1929211_3487481_o-1024x1024.jpg 1024w, https:\/\/rotiroti.it\/wp-content\/uploads\/2018\/07\/258657_1981036018234_1613217351_1929211_3487481_o-150x150.jpg 150w, https:\/\/rotiroti.it\/wp-content\/uploads\/2018\/07\/258657_1981036018234_1613217351_1929211_3487481_o-300x300.jpg 300w, https:\/\/rotiroti.it\/wp-content\/uploads\/2018\/07\/258657_1981036018234_1613217351_1929211_3487481_o-768x769.jpg 768w, https:\/\/rotiroti.it\/wp-content\/uploads\/2018\/07\/258657_1981036018234_1613217351_1929211_3487481_o.jpg 1288w\" sizes=\"(max-width: 1024px) 100vw, 1024px\" \/>\t\t\t\t\t\t\t\t\t\t\t<figcaption class=\"widget-image-caption wp-caption-text\">Foto:  Eliana Giaccheri<\/figcaption>\n\t\t\t\t\t\t\t\t\t\t<\/figure>\n\t\t\t\t\t\t\t\t\t<\/div>\n\t\t\t\t<div class=\"elementor-element elementor-element-4b7752e elementor-widget elementor-widget-spacer\" data-id=\"4b7752e\" data-element_type=\"widget\" data-e-type=\"widget\" data-widget_type=\"spacer.default\">\n\t\t\t\t\t\t\t<div class=\"elementor-spacer\">\n\t\t\t<div class=\"elementor-spacer-inner\"><\/div>\n\t\t<\/div>\n\t\t\t\t\t\t<\/div>\n\t\t\t\t<div class=\"elementor-element elementor-element-012cb8d elementor-widget elementor-widget-image\" data-id=\"012cb8d\" data-element_type=\"widget\" data-e-type=\"widget\" data-widget_type=\"image.default\">\n\t\t\t\t\t\t\t\t\t\t\t\t<figure class=\"wp-caption\">\n\t\t\t\t\t\t\t\t\t\t<img decoding=\"async\" width=\"640\" height=\"449\" src=\"https:\/\/rotiroti.it\/wp-content\/uploads\/2018\/07\/IMG_1665-blackwhite.jpg\" class=\"attachment-large size-large wp-image-1427\" alt=\"\" srcset=\"https:\/\/rotiroti.it\/wp-content\/uploads\/2018\/07\/IMG_1665-blackwhite.jpg 640w, https:\/\/rotiroti.it\/wp-content\/uploads\/2018\/07\/IMG_1665-blackwhite-300x210.jpg 300w\" sizes=\"(max-width: 640px) 100vw, 640px\" \/>\t\t\t\t\t\t\t\t\t\t\t<figcaption class=\"widget-image-caption wp-caption-text\">Foto: Giorgio Serri<\/figcaption>\n\t\t\t\t\t\t\t\t\t\t<\/figure>\n\t\t\t\t\t\t\t\t\t<\/div>\n\t\t\t\t<div class=\"elementor-element elementor-element-4308fb8 elementor-widget elementor-widget-spacer\" data-id=\"4308fb8\" data-element_type=\"widget\" data-e-type=\"widget\" data-widget_type=\"spacer.default\">\n\t\t\t\t\t\t\t<div class=\"elementor-spacer\">\n\t\t\t<div class=\"elementor-spacer-inner\"><\/div>\n\t\t<\/div>\n\t\t\t\t\t\t<\/div>\n\t\t\t\t<div class=\"elementor-element elementor-element-dad926f elementor-widget elementor-widget-video\" data-id=\"dad926f\" data-element_type=\"widget\" data-e-type=\"widget\" data-settings=\"{&quot;youtube_url&quot;:&quot;https:\\\/\\\/www.youtube.com\\\/watch?v=Y91ssC3WL7U&quot;,&quot;video_type&quot;:&quot;youtube&quot;,&quot;controls&quot;:&quot;yes&quot;}\" data-widget_type=\"video.default\">\n\t\t\t\t\t\t\t<div class=\"elementor-wrapper elementor-open-inline\">\n\t\t\t<div class=\"elementor-video\"><\/div>\t\t<\/div>\n\t\t\t\t\t\t<\/div>\n\t\t\t\t\t<\/div>\n\t\t<\/div>\n\t\t\t\t<div class=\"elementor-column elementor-col-50 elementor-top-column elementor-element elementor-element-209f5d1\" data-id=\"209f5d1\" data-element_type=\"column\" data-e-type=\"column\">\n\t\t\t<div class=\"elementor-widget-wrap elementor-element-populated\">\n\t\t\t\t\t\t<section class=\"elementor-section elementor-inner-section elementor-element elementor-element-fde4e3e elementor-section-boxed elementor-section-height-default elementor-section-height-default\" data-id=\"fde4e3e\" data-element_type=\"section\" data-e-type=\"section\">\n\t\t\t\t\t\t<div class=\"elementor-container elementor-column-gap-default\">\n\t\t\t\t\t<div class=\"elementor-column elementor-col-50 elementor-inner-column elementor-element elementor-element-583cd8a\" data-id=\"583cd8a\" data-element_type=\"column\" data-e-type=\"column\">\n\t\t\t<div class=\"elementor-widget-wrap elementor-element-populated\">\n\t\t\t\t\t\t<div class=\"elementor-element elementor-element-bbc9378 elementor-widget elementor-widget-heading\" data-id=\"bbc9378\" data-element_type=\"widget\" data-e-type=\"widget\" data-widget_type=\"heading.default\">\n\t\t\t\t\t<h2 class=\"elementor-heading-title elementor-size-default\">2022<\/h2>\t\t\t\t<\/div>\n\t\t\t\t\t<\/div>\n\t\t<\/div>\n\t\t\t\t<div class=\"elementor-column elementor-col-50 elementor-inner-column elementor-element elementor-element-209fd50\" data-id=\"209fd50\" data-element_type=\"column\" data-e-type=\"column\">\n\t\t\t<div class=\"elementor-widget-wrap elementor-element-populated\">\n\t\t\t\t\t\t<div class=\"elementor-element elementor-element-a1a6f06 elementor-widget elementor-widget-text-editor\" data-id=\"a1a6f06\" data-element_type=\"widget\" data-e-type=\"widget\" data-widget_type=\"text-editor.default\">\n\t\t\t\t\t\t\t\t\tParticipated in the collective exhibition &#8220;Osteria dei Pittori&#8221; curated by Roberto Gramiccia, Galleria Nuova Pesa, Rome\t\t\t\t\t\t\t\t<\/div>\n\t\t\t\t\t<\/div>\n\t\t<\/div>\n\t\t\t\t\t<\/div>\n\t\t<\/section>\n\t\t\t\t<section class=\"elementor-section elementor-inner-section elementor-element elementor-element-9c437c6 elementor-section-boxed elementor-section-height-default elementor-section-height-default\" data-id=\"9c437c6\" data-element_type=\"section\" data-e-type=\"section\">\n\t\t\t\t\t\t<div class=\"elementor-container elementor-column-gap-default\">\n\t\t\t\t\t<div class=\"elementor-column elementor-col-50 elementor-inner-column elementor-element elementor-element-0d791d3\" data-id=\"0d791d3\" data-element_type=\"column\" data-e-type=\"column\">\n\t\t\t<div class=\"elementor-widget-wrap elementor-element-populated\">\n\t\t\t\t\t\t<div class=\"elementor-element elementor-element-c2f992a elementor-widget elementor-widget-heading\" data-id=\"c2f992a\" data-element_type=\"widget\" data-e-type=\"widget\" data-widget_type=\"heading.default\">\n\t\t\t\t\t<h2 class=\"elementor-heading-title elementor-size-default\">2021<\/h2>\t\t\t\t<\/div>\n\t\t\t\t\t<\/div>\n\t\t<\/div>\n\t\t\t\t<div class=\"elementor-column elementor-col-50 elementor-inner-column elementor-element elementor-element-178a15b\" data-id=\"178a15b\" data-element_type=\"column\" data-e-type=\"column\">\n\t\t\t<div class=\"elementor-widget-wrap elementor-element-populated\">\n\t\t\t\t\t\t<div class=\"elementor-element elementor-element-739f034 elementor-widget elementor-widget-text-editor\" data-id=\"739f034\" data-element_type=\"widget\" data-e-type=\"widget\" data-widget_type=\"text-editor.default\">\n\t\t\t\t\t\t\t\t\t&#8220;The Others&#8221; curated by Massimo Scaringella and Kou Gallery Torino.\r\nwith the Sans Saint Michele project curated by Marianna Fazzi for the Sogninterra Seminaria Festival. Maranola (Formia).\r\n\r\n&nbsp;\t\t\t\t\t\t\t\t<\/div>\n\t\t\t\t\t<\/div>\n\t\t<\/div>\n\t\t\t\t\t<\/div>\n\t\t<\/section>\n\t\t\t\t<section class=\"elementor-section elementor-inner-section elementor-element elementor-element-e76acdc elementor-section-boxed elementor-section-height-default elementor-section-height-default\" data-id=\"e76acdc\" data-element_type=\"section\" data-e-type=\"section\">\n\t\t\t\t\t\t<div class=\"elementor-container elementor-column-gap-default\">\n\t\t\t\t\t<div class=\"elementor-column elementor-col-50 elementor-inner-column elementor-element elementor-element-395e97e\" data-id=\"395e97e\" data-element_type=\"column\" data-e-type=\"column\">\n\t\t\t<div class=\"elementor-widget-wrap elementor-element-populated\">\n\t\t\t\t\t\t<div class=\"elementor-element elementor-element-0ee841a elementor-widget elementor-widget-heading\" data-id=\"0ee841a\" data-element_type=\"widget\" data-e-type=\"widget\" data-widget_type=\"heading.default\">\n\t\t\t\t\t<h2 class=\"elementor-heading-title elementor-size-default\">2020<\/h2>\t\t\t\t<\/div>\n\t\t\t\t\t<\/div>\n\t\t<\/div>\n\t\t\t\t<div class=\"elementor-column elementor-col-50 elementor-inner-column elementor-element elementor-element-698f16b\" data-id=\"698f16b\" data-element_type=\"column\" data-e-type=\"column\">\n\t\t\t<div class=\"elementor-widget-wrap elementor-element-populated\">\n\t\t\t\t\t\t<div class=\"elementor-element elementor-element-0923c4d elementor-widget elementor-widget-text-editor\" data-id=\"0923c4d\" data-element_type=\"widget\" data-e-type=\"widget\" data-widget_type=\"text-editor.default\">\n\t\t\t\t\t\t\t\t\tBridge of Conversation (<em>Ponte di Conversazione<\/em>) with Paolo Aita, curated by D.Giordano and D. Pinocci, at C. Bilotti Museum Roma\r\nBasic Necessities, curated by Spazio Y, Roma\t\t\t\t\t\t\t\t<\/div>\n\t\t\t\t<div class=\"elementor-element elementor-element-0ba42cd elementor-widget elementor-widget-text-editor\" data-id=\"0ba42cd\" data-element_type=\"widget\" data-e-type=\"widget\" data-widget_type=\"text-editor.default\">\n\t\t\t\t\t\t\t\t\tPRIMA NECCESIT\u00c0\/BASIC NECCESIETIES an idea by ABC Artcollective in partnership with Spazio Y, Nation 2.0 and with the support of Editions Mincione. Roma.\t\t\t\t\t\t\t\t<\/div>\n\t\t\t\t<div class=\"elementor-element elementor-element-75066c4 elementor-widget elementor-widget-text-editor\" data-id=\"75066c4\" data-element_type=\"widget\" data-e-type=\"widget\" data-widget_type=\"text-editor.default\">\n\t\t\t\t\t\t\t\t\tWOW project Roma curated by Donatella Pinocci Roma.\t\t\t\t\t\t\t\t<\/div>\n\t\t\t\t\t<\/div>\n\t\t<\/div>\n\t\t\t\t\t<\/div>\n\t\t<\/section>\n\t\t\t\t<section class=\"elementor-section elementor-inner-section elementor-element elementor-element-b06da98 elementor-section-boxed elementor-section-height-default elementor-section-height-default\" data-id=\"b06da98\" data-element_type=\"section\" data-e-type=\"section\">\n\t\t\t\t\t\t<div class=\"elementor-container elementor-column-gap-default\">\n\t\t\t\t\t<div class=\"elementor-column elementor-col-50 elementor-inner-column elementor-element elementor-element-f0c035a\" data-id=\"f0c035a\" data-element_type=\"column\" data-e-type=\"column\">\n\t\t\t<div class=\"elementor-widget-wrap elementor-element-populated\">\n\t\t\t\t\t\t<div class=\"elementor-element elementor-element-5624d02 elementor-widget elementor-widget-heading\" data-id=\"5624d02\" data-element_type=\"widget\" data-e-type=\"widget\" data-widget_type=\"heading.default\">\n\t\t\t\t\t<h2 class=\"elementor-heading-title elementor-size-default\">2019<\/h2>\t\t\t\t<\/div>\n\t\t\t\t\t<\/div>\n\t\t<\/div>\n\t\t\t\t<div class=\"elementor-column elementor-col-50 elementor-inner-column elementor-element elementor-element-bdac963\" data-id=\"bdac963\" data-element_type=\"column\" data-e-type=\"column\">\n\t\t\t<div class=\"elementor-widget-wrap elementor-element-populated\">\n\t\t\t\t\t\t<div class=\"elementor-element elementor-element-362f11b elementor-widget elementor-widget-text-editor\" data-id=\"362f11b\" data-element_type=\"widget\" data-e-type=\"widget\" data-widget_type=\"text-editor.default\">\n\t\t\t\t\t\t\t\t\tIf everything is Art\u2026 50&#215;50,\u00a0 curated by\u00a0 Roberto Gramiccia, TraleVolte, Roma\r\nTime Stopped, curated by\u00a0 Christian Ciampoli, 16Civico, Pescara\t\t\t\t\t\t\t\t<\/div>\n\t\t\t\t<div class=\"elementor-element elementor-element-cd4f328 elementor-widget elementor-widget-text-editor\" data-id=\"cd4f328\" data-element_type=\"widget\" data-e-type=\"widget\" data-widget_type=\"text-editor.default\">\n\t\t\t\t\t\t\t\t\t<span style=\"font-weight: 400;\">\u00a0\u201c<a href=\"https:\/\/rotiroti.it\/en\/if-you-say-ciampoli\/\" target=\"_blank\" rel=\"noopener\">Se Dici Ciampoli<\/a>\u201d written by Silvia Litardi and\u00a0 Piotr Hanzelewicz.<\/span>\r\n\r\nPublished in the autobiography &#8220;Il Doganiere&#8221; Maicol Rice Casa Editrice Domestica, Roma\r\n\r\n<span style=\"font-weight: 400;\">Participated in the exbibition entitled\u00a0 &#8220;Allunare infinito&#8221; at the Accademia di Belle Arti in Frosinone . Curated by Alberto Dambruoso.<\/span>\r\n\r\n<span style=\"font-weight: 400;\">Participated in the exhbition &#8220;I am an artist&#8221; at Bolli&amp;Romiti Casa d&#8217;Aste &#8211; collective exhibition organised by the the A-Head project , by Angelo Azzurro Onlus, curated by Piero Gagliardi and Giuseppe Capparelli.<\/span>\t\t\t\t\t\t\t\t<\/div>\n\t\t\t\t<div class=\"elementor-element elementor-element-70eed7e elementor-widget elementor-widget-text-editor\" data-id=\"70eed7e\" data-element_type=\"widget\" data-e-type=\"widget\" data-widget_type=\"text-editor.default\">\n\t\t\t\t\t\t\t\t\tCreation of the flag &#8220;Allunal\u00ec Allunaqu\u00ec Allunal\u00e0&#8221; marking 60 years after walking on the moon. Progetto exhibited on Lungo Tevere di Roma, for Rome&#8217;s New Year, in partnership with Studio 54 and curated by Daniele Span\u00f2.\t\t\t\t\t\t\t\t<\/div>\n\t\t\t\t<div class=\"elementor-element elementor-element-e1be540 elementor-widget elementor-widget-text-editor\" data-id=\"e1be540\" data-element_type=\"widget\" data-e-type=\"widget\" data-widget_type=\"text-editor.default\">\n\t\t\t\t\t\t\t\t\tCollective exhbition &#8221; Take care, Artist&#8217;s cabin (<em>Abbi Cura, Cabina d&#8217;Artista)<\/em>&#8221; curated by\u00a0 Paola Pallotta Ostia Roma\t\t\t\t\t\t\t\t<\/div>\n\t\t\t\t\t<\/div>\n\t\t<\/div>\n\t\t\t\t\t<\/div>\n\t\t<\/section>\n\t\t\t\t<section class=\"elementor-section elementor-inner-section elementor-element elementor-element-98bf3f0 elementor-section-boxed elementor-section-height-default elementor-section-height-default\" data-id=\"98bf3f0\" data-element_type=\"section\" data-e-type=\"section\">\n\t\t\t\t\t\t<div class=\"elementor-container elementor-column-gap-default\">\n\t\t\t\t\t<div class=\"elementor-column elementor-col-50 elementor-inner-column elementor-element elementor-element-44216bf\" data-id=\"44216bf\" data-element_type=\"column\" data-e-type=\"column\">\n\t\t\t<div class=\"elementor-widget-wrap elementor-element-populated\">\n\t\t\t\t\t\t<div class=\"elementor-element elementor-element-0f5805a elementor-widget elementor-widget-heading\" data-id=\"0f5805a\" data-element_type=\"widget\" data-e-type=\"widget\" data-widget_type=\"heading.default\">\n\t\t\t\t\t<h2 class=\"elementor-heading-title elementor-size-default\">2018<\/h2>\t\t\t\t<\/div>\n\t\t\t\t\t<\/div>\n\t\t<\/div>\n\t\t\t\t<div class=\"elementor-column elementor-col-50 elementor-inner-column elementor-element elementor-element-a96221c\" data-id=\"a96221c\" data-element_type=\"column\" data-e-type=\"column\">\n\t\t\t<div class=\"elementor-widget-wrap elementor-element-populated\">\n\t\t\t\t\t\t<div class=\"elementor-element elementor-element-1d4db37 elementor-widget elementor-widget-text-editor\" data-id=\"1d4db37\" data-element_type=\"widget\" data-e-type=\"widget\" data-widget_type=\"text-editor.default\">\n\t\t\t\t\t\t\t\t\t<a href=\"https:\/\/rotiroti.it\/en\/gero-real-water\/\" target=\"_blank\" rel=\"noopener\">Gero &#8211; L&#8217;eau real<\/a> &#8220;by Nicola Rotiroti and Piotr Hanzelewicz &#8211; Apulia Land Art Festival VI Edition &#8211; Red House of Alberobello &#8211; Section Dialogues, curated by Giuseppe Capparelli and Carlo Palmisano. 5th Edition of the Viterbo Biennale by Piero Gagliardi. Participated in &#8220;Mediterranea 18&#8221; Tirana Albania with Valentina Di Odoardo, Jonida Prifiti and Stefano Di Trapani, with the project &#8220;Radio Anarti&#8221; curated by Maria Rosa Sossai &#8220;Ghost Sonata&#8221; personal exhibition within the project &#8220;painters, painters&#8221; by Roberto Gramiccia, Space &#8220;Fuoricentro&#8221;, Rome\r\n\r\n&#8220;Dream Double Dream&#8221; presents the installation video project &#8220;<a href=\"https:\/\/rotiroti.it\/en\/1-1-3-stella\/\" target=\"_blank\" rel=\"noopener\">1.1.3 star<\/a>&#8221; together with Giulio De Martin by Michela Becchis.\r\n\r\n&#8220;Monitor&#8221; Participated in a collective exhibition curated by Fabrizio Pizzuto, Spazio Menexa Roma\t\t\t\t\t\t\t\t<\/div>\n\t\t\t\t\t<\/div>\n\t\t<\/div>\n\t\t\t\t\t<\/div>\n\t\t<\/section>\n\t\t\t\t<section class=\"elementor-section elementor-inner-section elementor-element elementor-element-1cf31ff elementor-section-boxed elementor-section-height-default elementor-section-height-default\" data-id=\"1cf31ff\" data-element_type=\"section\" data-e-type=\"section\">\n\t\t\t\t\t\t<div class=\"elementor-container elementor-column-gap-default\">\n\t\t\t\t\t<div class=\"elementor-column elementor-col-50 elementor-inner-column elementor-element elementor-element-a0ed206\" data-id=\"a0ed206\" data-element_type=\"column\" data-e-type=\"column\">\n\t\t\t<div class=\"elementor-widget-wrap elementor-element-populated\">\n\t\t\t\t\t\t<div class=\"elementor-element elementor-element-5df1ddc elementor-widget elementor-widget-heading\" data-id=\"5df1ddc\" data-element_type=\"widget\" data-e-type=\"widget\" data-widget_type=\"heading.default\">\n\t\t\t\t\t<h2 class=\"elementor-heading-title elementor-size-default\">2016<\/h2>\t\t\t\t<\/div>\n\t\t\t\t\t<\/div>\n\t\t<\/div>\n\t\t\t\t<div class=\"elementor-column elementor-col-50 elementor-inner-column elementor-element elementor-element-928fb0d\" data-id=\"928fb0d\" data-element_type=\"column\" data-e-type=\"column\">\n\t\t\t<div class=\"elementor-widget-wrap elementor-element-populated\">\n\t\t\t\t\t\t<div class=\"elementor-element elementor-element-a2bf12d elementor-widget elementor-widget-text-editor\" data-id=\"a2bf12d\" data-element_type=\"widget\" data-e-type=\"widget\" data-widget_type=\"text-editor.default\">\n\t\t\t\t\t\t\t\t\t<p class=\"m_-9063072722796909359gmail-p1\"><span class=\"m_-9063072722796909359gmail-s1\">\u201c<a href=\"https:\/\/rotiroti.it\/en\/lo-re\/\" target=\"_blank\" rel=\"noopener\">Lo Re<\/a>\u201d personal exhibition curated by Paolo Aita, at the \u201cRosso20sette Arte <\/span><span class=\"m_-9063072722796909359gmail-s1\">Contemporanea\u201d art gallery in Rome.<\/span><\/p>\r\n<p class=\"m_-9063072722796909359gmail-p1\"><span class=\"m_-9063072722796909359gmail-s1\">Publication of the novel \u201c<a href=\"https:\/\/rotiroti.it\/en\/1-1-3-stella\/\" target=\"_blank\" rel=\"noopener\">1.1.3 stella<\/a>\u201d by Nicola Rotiroti and Giulio De Martin, curated by\u00a0 Alessandro Alessandroni. Ponte Sisto Edition Rome<\/span><\/p>\t\t\t\t\t\t\t\t<\/div>\n\t\t\t\t\t<\/div>\n\t\t<\/div>\n\t\t\t\t\t<\/div>\n\t\t<\/section>\n\t\t\t\t<section class=\"elementor-section elementor-inner-section elementor-element elementor-element-11aaaa5 elementor-section-boxed elementor-section-height-default elementor-section-height-default\" data-id=\"11aaaa5\" data-element_type=\"section\" data-e-type=\"section\">\n\t\t\t\t\t\t<div class=\"elementor-container elementor-column-gap-default\">\n\t\t\t\t\t<div class=\"elementor-column elementor-col-50 elementor-inner-column elementor-element elementor-element-6ef7c15\" data-id=\"6ef7c15\" data-element_type=\"column\" data-e-type=\"column\">\n\t\t\t<div class=\"elementor-widget-wrap elementor-element-populated\">\n\t\t\t\t\t\t<div class=\"elementor-element elementor-element-c37fcf7 elementor-widget elementor-widget-heading\" data-id=\"c37fcf7\" data-element_type=\"widget\" data-e-type=\"widget\" data-widget_type=\"heading.default\">\n\t\t\t\t\t<h2 class=\"elementor-heading-title elementor-size-default\">2015<\/h2>\t\t\t\t<\/div>\n\t\t\t\t\t<\/div>\n\t\t<\/div>\n\t\t\t\t<div class=\"elementor-column elementor-col-50 elementor-inner-column elementor-element elementor-element-c63ebad\" data-id=\"c63ebad\" data-element_type=\"column\" data-e-type=\"column\">\n\t\t\t<div class=\"elementor-widget-wrap elementor-element-populated\">\n\t\t\t\t\t\t<div class=\"elementor-element elementor-element-1639962 elementor-widget elementor-widget-text-editor\" data-id=\"1639962\" data-element_type=\"widget\" data-e-type=\"widget\" data-widget_type=\"text-editor.default\">\n\t\t\t\t\t\t\t\t\tParticipated in \u201cMini Biennale del Ritratto\u201d curated by Shara Wasserman, held at the Temple Gallery, Rome. Participated in \u201cSiam come Lucciole\u201d based on an idea by Raimondo Galeeano and curated by Simona Gavioli, ROcca delle Macie-Famiglia Zingarelli \u2013 Castelina in Chianti, Siena. Invited by Cosenza Local Council to participate in the artistic review \u201cBocsArt\u201d curated by Alberto Damruoso.\t\t\t\t\t\t\t\t<\/div>\n\t\t\t\t\t<\/div>\n\t\t<\/div>\n\t\t\t\t\t<\/div>\n\t\t<\/section>\n\t\t\t\t<section class=\"elementor-section elementor-inner-section elementor-element elementor-element-4447b3b elementor-section-boxed elementor-section-height-default elementor-section-height-default\" data-id=\"4447b3b\" data-element_type=\"section\" data-e-type=\"section\">\n\t\t\t\t\t\t<div class=\"elementor-container elementor-column-gap-default\">\n\t\t\t\t\t<div class=\"elementor-column elementor-col-50 elementor-inner-column elementor-element elementor-element-795cff5\" data-id=\"795cff5\" data-element_type=\"column\" data-e-type=\"column\">\n\t\t\t<div class=\"elementor-widget-wrap elementor-element-populated\">\n\t\t\t\t\t\t<div class=\"elementor-element elementor-element-00d2fe7 elementor-widget elementor-widget-heading\" data-id=\"00d2fe7\" data-element_type=\"widget\" data-e-type=\"widget\" data-widget_type=\"heading.default\">\n\t\t\t\t\t<h2 class=\"elementor-heading-title elementor-size-default\">2014<\/h2>\t\t\t\t<\/div>\n\t\t\t\t\t<\/div>\n\t\t<\/div>\n\t\t\t\t<div class=\"elementor-column elementor-col-50 elementor-inner-column elementor-element elementor-element-09a0c0e\" data-id=\"09a0c0e\" data-element_type=\"column\" data-e-type=\"column\">\n\t\t\t<div class=\"elementor-widget-wrap elementor-element-populated\">\n\t\t\t\t\t\t<div class=\"elementor-element elementor-element-81687b1 elementor-widget elementor-widget-text-editor\" data-id=\"81687b1\" data-element_type=\"widget\" data-e-type=\"widget\" data-widget_type=\"text-editor.default\">\n\t\t\t\t\t\t\t\t\tWith\u00a0<a title=\"Arianna Bonamore\" href=\"http:\/\/www.ariannabonamore.com\/\" target=\"_blank\" rel=\"noopener\">Arianna Bonamore<\/a>,\u00a0<a title=\"Paolo Assenza\" href=\"http:\/\/www.paoloassenza.com\/\">Paolo Assenza<\/a>\u00a0e\u00a0<a title=\"Germano Serafini\" href=\"http:\/\/www.germanoserafini.com\/\">Germano Serafini<\/a>, founded the artistic space Lo\u00a0<a title=\"Spazio Y\" href=\"http:\/\/www.spazioy.com\/\">Spazio Y<\/a> Participated in the planning of Q44-70\u00b0 Commemoration of the Raising of Quadraro (1944-2014) with the project \u201c<a href=\"http:\/\/cargocollective.com\/ginkgo\/NICOLA-ROTIROTI\">Ginkgo<\/a>\u201d under the curation of Valentina Fiore. Roma. Selected to the Farnesina Collection (MAE) for Italy holding the EU Parliamentary Presidency. Participated in \u201c<a href=\"http:\/\/www.undo.net\/it\/mostra\/178355\">Summer Time<\/a>\u201d curated by Rosso20sette Artecontemporanea Gallery Roma Participated in \u201c<a href=\"http:\/\/www.undo.net\/it\/mostra\/178425\">Ventinovegiorni<\/a>\u201d curated by Paolo Aita at the Menexa studio, Roma Participated in \u201c<a href=\"http:\/\/www.undo.net\/it\/mostra\/182227\">Artsiders<\/a>\u201d curated by Fabio De Chirico and Massimo Mattioli, held at the National Gallery of Umbria, Perugia. .\t\t\t\t\t\t\t\t<\/div>\n\t\t\t\t\t<\/div>\n\t\t<\/div>\n\t\t\t\t\t<\/div>\n\t\t<\/section>\n\t\t\t\t<section class=\"elementor-section elementor-inner-section elementor-element elementor-element-01185fe elementor-section-boxed elementor-section-height-default elementor-section-height-default\" data-id=\"01185fe\" data-element_type=\"section\" data-e-type=\"section\">\n\t\t\t\t\t\t<div class=\"elementor-container elementor-column-gap-default\">\n\t\t\t\t\t<div class=\"elementor-column elementor-col-50 elementor-inner-column elementor-element elementor-element-c54e1d6\" data-id=\"c54e1d6\" data-element_type=\"column\" data-e-type=\"column\">\n\t\t\t<div class=\"elementor-widget-wrap elementor-element-populated\">\n\t\t\t\t\t\t<div class=\"elementor-element elementor-element-36f861e elementor-widget elementor-widget-heading\" data-id=\"36f861e\" data-element_type=\"widget\" data-e-type=\"widget\" data-widget_type=\"heading.default\">\n\t\t\t\t\t<h2 class=\"elementor-heading-title elementor-size-default\">2013<\/h2>\t\t\t\t<\/div>\n\t\t\t\t\t<\/div>\n\t\t<\/div>\n\t\t\t\t<div class=\"elementor-column elementor-col-50 elementor-inner-column elementor-element elementor-element-68a0053\" data-id=\"68a0053\" data-element_type=\"column\" data-e-type=\"column\">\n\t\t\t<div class=\"elementor-widget-wrap elementor-element-populated\">\n\t\t\t\t\t\t<div class=\"elementor-element elementor-element-df96f30 elementor-widget elementor-widget-text-editor\" data-id=\"df96f30\" data-element_type=\"widget\" data-e-type=\"widget\" data-widget_type=\"text-editor.default\">\n\t\t\t\t\t\t\t\t\tParticipated in \u201c<a href=\"http:\/\/www.undo.net\/it\/mostra\/166203\">Bridge<\/a>\u201d curated by Fabio De Chirico, Fondazione Orestiadi, Baglio Di Stefano, Gibellina Participated in \u201cPercorsi d\u2019arte in Calabria\u201d curated by Vincenzo Le Pera, at the Museo del Presente di Rende (CS) Selected for the museum\u2019s collection of historic and artistic excellence\u00a0<a href=\"http:\/\/www.magi900.com\/eccellenze.php?id=5\" target=\"_blank\" rel=\"noopener\">Museo Maggi<\/a>\t\t\t\t\t\t\t\t<\/div>\n\t\t\t\t\t<\/div>\n\t\t<\/div>\n\t\t\t\t\t<\/div>\n\t\t<\/section>\n\t\t\t\t<section class=\"elementor-section elementor-inner-section elementor-element elementor-element-ca8501f elementor-section-boxed elementor-section-height-default elementor-section-height-default\" data-id=\"ca8501f\" data-element_type=\"section\" data-e-type=\"section\">\n\t\t\t\t\t\t<div class=\"elementor-container elementor-column-gap-default\">\n\t\t\t\t\t<div class=\"elementor-column elementor-col-50 elementor-inner-column elementor-element elementor-element-072f6d9\" data-id=\"072f6d9\" data-element_type=\"column\" data-e-type=\"column\">\n\t\t\t<div class=\"elementor-widget-wrap elementor-element-populated\">\n\t\t\t\t\t\t<div class=\"elementor-element elementor-element-1c931ba elementor-widget elementor-widget-heading\" data-id=\"1c931ba\" data-element_type=\"widget\" data-e-type=\"widget\" data-widget_type=\"heading.default\">\n\t\t\t\t\t<h2 class=\"elementor-heading-title elementor-size-default\">2012<\/h2>\t\t\t\t<\/div>\n\t\t\t\t\t<\/div>\n\t\t<\/div>\n\t\t\t\t<div class=\"elementor-column elementor-col-50 elementor-inner-column elementor-element elementor-element-d82cf98\" data-id=\"d82cf98\" data-element_type=\"column\" data-e-type=\"column\">\n\t\t\t<div class=\"elementor-widget-wrap elementor-element-populated\">\n\t\t\t\t\t\t<div class=\"elementor-element elementor-element-56725f2 elementor-widget elementor-widget-text-editor\" data-id=\"56725f2\" data-element_type=\"widget\" data-e-type=\"widget\" data-widget_type=\"text-editor.default\">\n\t\t\t\t\t\t\t\t\tParticipated in \u201c<a href=\"http:\/\/www.undo.net\/it\/mostra\/132797\">Ego-sistemArt<\/a>\u201d curated by Simona Gavioli held at Bologna Arte Fiera Off-Art white Night. Bologna Participated in \u201c<a href=\"http:\/\/blog.b-artcontemporary.org\/?p=1839\">Non Rompete le Scatole<\/a>\u201d held at Spazio b-art contemporary Milano participated in a collective exhibition \u201c<a href=\"http:\/\/www.undo.net\/it\/mostra\/146648\">open space 2<\/a>\u201d curated by Fabio de Chirico, held at the galleria nazionale palazzo Arnone di Cosenza Participated in the collective exhibition \u201cStart Up\u201d curated by the gallery Rosso20sette Arte Contemporanea Roma\t\t\t\t\t\t\t\t<\/div>\n\t\t\t\t\t<\/div>\n\t\t<\/div>\n\t\t\t\t\t<\/div>\n\t\t<\/section>\n\t\t\t\t\t<\/div>\n\t\t<\/div>\n\t\t\t\t\t<\/div>\n\t\t<\/section>\n\t\t\t\t<section class=\"elementor-section elementor-top-section elementor-element elementor-element-96f1622 elementor-section-boxed elementor-section-height-default elementor-section-height-default\" data-id=\"96f1622\" data-element_type=\"section\" data-e-type=\"section\">\n\t\t\t\t\t\t<div class=\"elementor-container elementor-column-gap-default\">\n\t\t\t\t\t<div class=\"elementor-column elementor-col-33 elementor-top-column elementor-element elementor-element-a19ed65\" data-id=\"a19ed65\" data-element_type=\"column\" data-e-type=\"column\">\n\t\t\t<div class=\"elementor-widget-wrap elementor-element-populated\">\n\t\t\t\t\t\t<section class=\"elementor-section elementor-inner-section elementor-element elementor-element-6fb5409 elementor-section-boxed elementor-section-height-default elementor-section-height-default\" data-id=\"6fb5409\" data-element_type=\"section\" data-e-type=\"section\">\n\t\t\t\t\t\t<div class=\"elementor-container elementor-column-gap-default\">\n\t\t\t\t\t<div class=\"elementor-column elementor-col-50 elementor-inner-column elementor-element elementor-element-4ee33ff\" data-id=\"4ee33ff\" data-element_type=\"column\" data-e-type=\"column\">\n\t\t\t<div class=\"elementor-widget-wrap elementor-element-populated\">\n\t\t\t\t\t\t<div class=\"elementor-element elementor-element-60db21a elementor-widget elementor-widget-heading\" data-id=\"60db21a\" data-element_type=\"widget\" data-e-type=\"widget\" data-widget_type=\"heading.default\">\n\t\t\t\t\t<h2 class=\"elementor-heading-title elementor-size-default\">2011<\/h2>\t\t\t\t<\/div>\n\t\t\t\t\t<\/div>\n\t\t<\/div>\n\t\t\t\t<div class=\"elementor-column elementor-col-50 elementor-inner-column elementor-element elementor-element-433c6b8\" data-id=\"433c6b8\" data-element_type=\"column\" data-e-type=\"column\">\n\t\t\t<div class=\"elementor-widget-wrap elementor-element-populated\">\n\t\t\t\t\t\t<div class=\"elementor-element elementor-element-3e82d58 elementor-widget elementor-widget-text-editor\" data-id=\"3e82d58\" data-element_type=\"widget\" data-e-type=\"widget\" data-widget_type=\"text-editor.default\">\n\t\t\t\t\t\t\t\t\t\u201c<a href=\"http:\/\/www.undo.net\/it\/mostra\/116190\">Passengers<\/a>\u201d, personal exhibition, curated by Alessandra Redaelli, held at la galleria \u201cRosso20sette Arte Contemporanea\u201d, Roma. Participated in\u00a0<a href=\"http:\/\/www.undo.net\/it\/mostra\/126007\">54<\/a><a href=\"http:\/\/www.undo.net\/it\/mostra\/126007\">\u00b0<\/a><a href=\"http:\/\/www.undo.net\/it\/mostra\/126007\">\u00a0Biennale di Venezia<\/a>, Calabrian Pavvilion , Villa Genoese Zerbi, Reggio Calabria. Awarded \u201c<a href=\"http:\/\/www.undo.net\/it\/mostra\/131503\">Limen Arte<\/a>\u201d prize, curated by Giorgio Di Genova, Palazzo comunale \u201cenrico Gagliardi\u201d Vibo Valentia.\t\t\t\t\t\t\t\t<\/div>\n\t\t\t\t\t<\/div>\n\t\t<\/div>\n\t\t\t\t\t<\/div>\n\t\t<\/section>\n\t\t\t\t\t<\/div>\n\t\t<\/div>\n\t\t\t\t<div class=\"elementor-column elementor-col-33 elementor-top-column elementor-element elementor-element-c0f21df\" data-id=\"c0f21df\" data-element_type=\"column\" data-e-type=\"column\">\n\t\t\t<div class=\"elementor-widget-wrap elementor-element-populated\">\n\t\t\t\t\t\t<section class=\"elementor-section elementor-inner-section elementor-element elementor-element-674f982 elementor-section-boxed elementor-section-height-default elementor-section-height-default\" data-id=\"674f982\" data-element_type=\"section\" data-e-type=\"section\">\n\t\t\t\t\t\t<div class=\"elementor-container elementor-column-gap-default\">\n\t\t\t\t\t<div class=\"elementor-column elementor-col-50 elementor-inner-column elementor-element elementor-element-212481f\" data-id=\"212481f\" data-element_type=\"column\" data-e-type=\"column\">\n\t\t\t<div class=\"elementor-widget-wrap elementor-element-populated\">\n\t\t\t\t\t\t<div class=\"elementor-element elementor-element-e2cc9b8 elementor-widget elementor-widget-heading\" data-id=\"e2cc9b8\" data-element_type=\"widget\" data-e-type=\"widget\" data-widget_type=\"heading.default\">\n\t\t\t\t\t<h2 class=\"elementor-heading-title elementor-size-default\">2010<\/h2>\t\t\t\t<\/div>\n\t\t\t\t\t<\/div>\n\t\t<\/div>\n\t\t\t\t<div class=\"elementor-column elementor-col-50 elementor-inner-column elementor-element elementor-element-43e547e\" data-id=\"43e547e\" data-element_type=\"column\" data-e-type=\"column\">\n\t\t\t<div class=\"elementor-widget-wrap elementor-element-populated\">\n\t\t\t\t\t\t<div class=\"elementor-element elementor-element-d93a4f5 elementor-widget elementor-widget-text-editor\" data-id=\"d93a4f5\" data-element_type=\"widget\" data-e-type=\"widget\" data-widget_type=\"text-editor.default\">\n\t\t\t\t\t\t\t\t\t\u201c<a href=\"http:\/\/www.undo.net\/it\/mostra\/78550\">Scanning<\/a>\u201d, collective exhibition curated by Stefano Elena, held at the gallery \u201cSoligo Arte Contemporanea\u201d, Roma. Participated in \u201c<a href=\"http:\/\/www.fundaciondelasartes.org\/pags\/61.php?id=ES&amp;pag=61\">IV Premio de Pintura Figurativa \u201909<\/a>\u201d curated by D. Jos\u00e9 Manuel Infiesta, Fundaci\u00f2 de les Artes i els Artistes. Madrid\t\t\t\t\t\t\t\t<\/div>\n\t\t\t\t\t<\/div>\n\t\t<\/div>\n\t\t\t\t\t<\/div>\n\t\t<\/section>\n\t\t\t\t\t<\/div>\n\t\t<\/div>\n\t\t\t\t<div class=\"elementor-column elementor-col-33 elementor-top-column elementor-element elementor-element-d3dddd2\" data-id=\"d3dddd2\" data-element_type=\"column\" data-e-type=\"column\">\n\t\t\t<div class=\"elementor-widget-wrap elementor-element-populated\">\n\t\t\t\t\t\t<section class=\"elementor-section elementor-inner-section elementor-element elementor-element-d7e6dee elementor-section-boxed elementor-section-height-default elementor-section-height-default\" data-id=\"d7e6dee\" data-element_type=\"section\" data-e-type=\"section\">\n\t\t\t\t\t\t<div class=\"elementor-container elementor-column-gap-default\">\n\t\t\t\t\t<div class=\"elementor-column elementor-col-50 elementor-inner-column elementor-element elementor-element-5c86cbd\" data-id=\"5c86cbd\" data-element_type=\"column\" data-e-type=\"column\">\n\t\t\t<div class=\"elementor-widget-wrap elementor-element-populated\">\n\t\t\t\t\t\t<div class=\"elementor-element elementor-element-99b9945 elementor-widget elementor-widget-heading\" data-id=\"99b9945\" data-element_type=\"widget\" data-e-type=\"widget\" data-widget_type=\"heading.default\">\n\t\t\t\t\t<h2 class=\"elementor-heading-title elementor-size-default\">2009<\/h2>\t\t\t\t<\/div>\n\t\t\t\t\t<\/div>\n\t\t<\/div>\n\t\t\t\t<div class=\"elementor-column elementor-col-50 elementor-inner-column elementor-element elementor-element-c6fa5f0\" data-id=\"c6fa5f0\" data-element_type=\"column\" data-e-type=\"column\">\n\t\t\t<div class=\"elementor-widget-wrap elementor-element-populated\">\n\t\t\t\t\t\t<div class=\"elementor-element elementor-element-9af4c92 elementor-widget elementor-widget-text-editor\" data-id=\"9af4c92\" data-element_type=\"widget\" data-e-type=\"widget\" data-widget_type=\"text-editor.default\">\n\t\t\t\t\t\t\t\t\t\u201cArtenergia\u201d, personal exhibition held at the Centrale dell\u2019Enel di Porto Empedocle, Agrigento.\t\t\t\t\t\t\t\t<\/div>\n\t\t\t\t\t<\/div>\n\t\t<\/div>\n\t\t\t\t\t<\/div>\n\t\t<\/section>\n\t\t\t\t\t<\/div>\n\t\t<\/div>\n\t\t\t\t\t<\/div>\n\t\t<\/section>\n\t\t\t\t<section class=\"elementor-section elementor-top-section elementor-element elementor-element-bc28704 elementor-section-boxed elementor-section-height-default elementor-section-height-default\" data-id=\"bc28704\" data-element_type=\"section\" data-e-type=\"section\">\n\t\t\t\t\t\t<div class=\"elementor-container elementor-column-gap-default\">\n\t\t\t\t\t<div class=\"elementor-column elementor-col-33 elementor-top-column elementor-element elementor-element-c9eb1f5\" data-id=\"c9eb1f5\" data-element_type=\"column\" data-e-type=\"column\">\n\t\t\t<div class=\"elementor-widget-wrap elementor-element-populated\">\n\t\t\t\t\t\t<section class=\"elementor-section elementor-inner-section elementor-element elementor-element-f301b8c elementor-section-boxed elementor-section-height-default elementor-section-height-default\" data-id=\"f301b8c\" data-element_type=\"section\" data-e-type=\"section\">\n\t\t\t\t\t\t<div class=\"elementor-container elementor-column-gap-default\">\n\t\t\t\t\t<div class=\"elementor-column elementor-col-50 elementor-inner-column elementor-element elementor-element-28dbf12\" data-id=\"28dbf12\" data-element_type=\"column\" data-e-type=\"column\">\n\t\t\t<div class=\"elementor-widget-wrap elementor-element-populated\">\n\t\t\t\t\t\t<div class=\"elementor-element elementor-element-e014c72 elementor-widget elementor-widget-heading\" data-id=\"e014c72\" data-element_type=\"widget\" data-e-type=\"widget\" data-widget_type=\"heading.default\">\n\t\t\t\t\t<h2 class=\"elementor-heading-title elementor-size-default\">2008<\/h2>\t\t\t\t<\/div>\n\t\t\t\t\t<\/div>\n\t\t<\/div>\n\t\t\t\t<div class=\"elementor-column elementor-col-50 elementor-inner-column elementor-element elementor-element-800655f\" data-id=\"800655f\" data-element_type=\"column\" data-e-type=\"column\">\n\t\t\t<div class=\"elementor-widget-wrap elementor-element-populated\">\n\t\t\t\t\t\t<div class=\"elementor-element elementor-element-b3133da elementor-widget elementor-widget-text-editor\" data-id=\"b3133da\" data-element_type=\"widget\" data-e-type=\"widget\" data-widget_type=\"text-editor.default\">\n\t\t\t\t\t\t\t\t\t\u201c<a href=\"http:\/\/www.teknemedia.net\/pagine-gialle\/artisti\/nicola_rotiroti\/dettaglio-mostra\/30725.html\">Water Colors<\/a>\u201d , personal exhibition curated by Valerio Deh\u00f2, held at \u201cStudio d\u2019Arte Ferraro\u201d, Rome. Participated in a \u201cKunsart\u201d, Artefiera di Bolzano, with the \u201cGhetta\u201d gallery\t\t\t\t\t\t\t\t<\/div>\n\t\t\t\t\t<\/div>\n\t\t<\/div>\n\t\t\t\t\t<\/div>\n\t\t<\/section>\n\t\t\t\t\t<\/div>\n\t\t<\/div>\n\t\t\t\t<div class=\"elementor-column elementor-col-33 elementor-top-column elementor-element elementor-element-9180015\" data-id=\"9180015\" data-element_type=\"column\" data-e-type=\"column\">\n\t\t\t<div class=\"elementor-widget-wrap elementor-element-populated\">\n\t\t\t\t\t\t<section class=\"elementor-section elementor-inner-section elementor-element elementor-element-92a30ed elementor-section-boxed elementor-section-height-default elementor-section-height-default\" data-id=\"92a30ed\" data-element_type=\"section\" data-e-type=\"section\">\n\t\t\t\t\t\t<div class=\"elementor-container elementor-column-gap-default\">\n\t\t\t\t\t<div class=\"elementor-column elementor-col-50 elementor-inner-column elementor-element elementor-element-90c0193\" data-id=\"90c0193\" data-element_type=\"column\" data-e-type=\"column\">\n\t\t\t<div class=\"elementor-widget-wrap elementor-element-populated\">\n\t\t\t\t\t\t<div class=\"elementor-element elementor-element-a735954 elementor-widget elementor-widget-heading\" data-id=\"a735954\" data-element_type=\"widget\" data-e-type=\"widget\" data-widget_type=\"heading.default\">\n\t\t\t\t\t<h2 class=\"elementor-heading-title elementor-size-default\">2007<\/h2>\t\t\t\t<\/div>\n\t\t\t\t\t<\/div>\n\t\t<\/div>\n\t\t\t\t<div class=\"elementor-column elementor-col-50 elementor-inner-column elementor-element elementor-element-a7a08b2\" data-id=\"a7a08b2\" data-element_type=\"column\" data-e-type=\"column\">\n\t\t\t<div class=\"elementor-widget-wrap elementor-element-populated\">\n\t\t\t\t\t\t<div class=\"elementor-element elementor-element-0038120 elementor-widget elementor-widget-text-editor\" data-id=\"0038120\" data-element_type=\"widget\" data-e-type=\"widget\" data-widget_type=\"text-editor.default\">\n\t\t\t\t\t\t\t\t\t\u201c<a href=\"http:\/\/www.exibart.com\/notizia.asp?IDCategoria=61&amp;IDNotizia=19101\">Il senso quotidiano dello sguardo<\/a>\u201d, personal exhibition , curated by Lorenzo Canova, held at \u201cSole Arte Contemporanea\u201d, Rome.\t\t\t\t\t\t\t\t<\/div>\n\t\t\t\t\t<\/div>\n\t\t<\/div>\n\t\t\t\t\t<\/div>\n\t\t<\/section>\n\t\t\t\t\t<\/div>\n\t\t<\/div>\n\t\t\t\t<div class=\"elementor-column elementor-col-33 elementor-top-column elementor-element elementor-element-f7cf3b0\" data-id=\"f7cf3b0\" data-element_type=\"column\" data-e-type=\"column\">\n\t\t\t<div class=\"elementor-widget-wrap elementor-element-populated\">\n\t\t\t\t\t\t<section class=\"elementor-section elementor-inner-section elementor-element elementor-element-f44227e elementor-section-boxed elementor-section-height-default elementor-section-height-default\" data-id=\"f44227e\" data-element_type=\"section\" data-e-type=\"section\">\n\t\t\t\t\t\t<div class=\"elementor-container elementor-column-gap-default\">\n\t\t\t\t\t<div class=\"elementor-column elementor-col-50 elementor-inner-column elementor-element elementor-element-f249e00\" data-id=\"f249e00\" data-element_type=\"column\" data-e-type=\"column\">\n\t\t\t<div class=\"elementor-widget-wrap elementor-element-populated\">\n\t\t\t\t\t\t<div class=\"elementor-element elementor-element-d88387b elementor-widget elementor-widget-heading\" data-id=\"d88387b\" data-element_type=\"widget\" data-e-type=\"widget\" data-widget_type=\"heading.default\">\n\t\t\t\t\t<h2 class=\"elementor-heading-title elementor-size-default\">2006<\/h2>\t\t\t\t<\/div>\n\t\t\t\t\t<\/div>\n\t\t<\/div>\n\t\t\t\t<div class=\"elementor-column elementor-col-50 elementor-inner-column elementor-element elementor-element-886ee74\" data-id=\"886ee74\" data-element_type=\"column\" data-e-type=\"column\">\n\t\t\t<div class=\"elementor-widget-wrap elementor-element-populated\">\n\t\t\t\t\t\t<div class=\"elementor-element elementor-element-89b5a9b elementor-widget elementor-widget-text-editor\" data-id=\"89b5a9b\" data-element_type=\"widget\" data-e-type=\"widget\" data-widget_type=\"text-editor.default\">\n\t\t\t\t\t\t\t\t\tFounded\u00a0<a title=\" Studio 54 di Torpignattara\" href=\"https:\/\/studio54roma.wordpress.com\/\">Studio 54 di Torpignattara<\/a>\u00a0Rome \u201c<a href=\"http:\/\/www.piziarte.net\/rotiroti.htm\">Gurna<\/a>\u201d personal exhibition, curated by Alessio Verzenassi, gallery Piziarte Teramo.\t\t\t\t\t\t\t\t<\/div>\n\t\t\t\t\t<\/div>\n\t\t<\/div>\n\t\t\t\t\t<\/div>\n\t\t<\/section>\n\t\t\t\t\t<\/div>\n\t\t<\/div>\n\t\t\t\t\t<\/div>\n\t\t<\/section>\n\t\t\t\t<section class=\"elementor-section elementor-top-section elementor-element elementor-element-67351df elementor-section-boxed elementor-section-height-default elementor-section-height-default\" data-id=\"67351df\" data-element_type=\"section\" data-e-type=\"section\">\n\t\t\t\t\t\t<div class=\"elementor-container elementor-column-gap-default\">\n\t\t\t\t\t<div class=\"elementor-column elementor-col-33 elementor-top-column elementor-element elementor-element-f8548da\" data-id=\"f8548da\" data-element_type=\"column\" data-e-type=\"column\">\n\t\t\t<div class=\"elementor-widget-wrap elementor-element-populated\">\n\t\t\t\t\t\t<section class=\"elementor-section elementor-inner-section elementor-element elementor-element-b13b21c elementor-section-boxed elementor-section-height-default elementor-section-height-default\" data-id=\"b13b21c\" data-element_type=\"section\" data-e-type=\"section\">\n\t\t\t\t\t\t<div class=\"elementor-container elementor-column-gap-default\">\n\t\t\t\t\t<div class=\"elementor-column elementor-col-50 elementor-inner-column elementor-element elementor-element-56dfe27\" data-id=\"56dfe27\" data-element_type=\"column\" data-e-type=\"column\">\n\t\t\t<div class=\"elementor-widget-wrap elementor-element-populated\">\n\t\t\t\t\t\t<div class=\"elementor-element elementor-element-03b34dc elementor-widget elementor-widget-heading\" data-id=\"03b34dc\" data-element_type=\"widget\" data-e-type=\"widget\" data-widget_type=\"heading.default\">\n\t\t\t\t\t<h2 class=\"elementor-heading-title elementor-size-default\">2003<\/h2>\t\t\t\t<\/div>\n\t\t\t\t\t<\/div>\n\t\t<\/div>\n\t\t\t\t<div class=\"elementor-column elementor-col-50 elementor-inner-column elementor-element elementor-element-a693e7e\" data-id=\"a693e7e\" data-element_type=\"column\" data-e-type=\"column\">\n\t\t\t<div class=\"elementor-widget-wrap elementor-element-populated\">\n\t\t\t\t\t\t<div class=\"elementor-element elementor-element-fa9cbeb elementor-widget elementor-widget-text-editor\" data-id=\"fa9cbeb\" data-element_type=\"widget\" data-e-type=\"widget\" data-widget_type=\"text-editor.default\">\n\t\t\t\t\t\t\t\t\tCreated the scenery and set for \u201cE\u2019 tempo di poesia\u201d \u2013 project devised by Antonio Presti, Libbrino (Catania)\t\t\t\t\t\t\t\t<\/div>\n\t\t\t\t\t<\/div>\n\t\t<\/div>\n\t\t\t\t\t<\/div>\n\t\t<\/section>\n\t\t\t\t\t<\/div>\n\t\t<\/div>\n\t\t\t\t<div class=\"elementor-column elementor-col-33 elementor-top-column elementor-element elementor-element-49c0cfe\" data-id=\"49c0cfe\" data-element_type=\"column\" data-e-type=\"column\">\n\t\t\t<div class=\"elementor-widget-wrap elementor-element-populated\">\n\t\t\t\t\t\t<section class=\"elementor-section elementor-inner-section elementor-element elementor-element-5c5d8ae elementor-section-boxed elementor-section-height-default elementor-section-height-default\" data-id=\"5c5d8ae\" data-element_type=\"section\" data-e-type=\"section\">\n\t\t\t\t\t\t<div class=\"elementor-container elementor-column-gap-default\">\n\t\t\t\t\t<div class=\"elementor-column elementor-col-50 elementor-inner-column elementor-element elementor-element-c6c8fe7\" data-id=\"c6c8fe7\" data-element_type=\"column\" data-e-type=\"column\">\n\t\t\t<div class=\"elementor-widget-wrap elementor-element-populated\">\n\t\t\t\t\t\t<div class=\"elementor-element elementor-element-84687e3 elementor-widget elementor-widget-heading\" data-id=\"84687e3\" data-element_type=\"widget\" data-e-type=\"widget\" data-widget_type=\"heading.default\">\n\t\t\t\t\t<h2 class=\"elementor-heading-title elementor-size-default\">1996<\/h2>\t\t\t\t<\/div>\n\t\t\t\t\t<\/div>\n\t\t<\/div>\n\t\t\t\t<div class=\"elementor-column elementor-col-50 elementor-inner-column elementor-element elementor-element-aed099d\" data-id=\"aed099d\" data-element_type=\"column\" data-e-type=\"column\">\n\t\t\t<div class=\"elementor-widget-wrap elementor-element-populated\">\n\t\t\t\t\t\t<div class=\"elementor-element elementor-element-3a8cfa2 elementor-widget elementor-widget-text-editor\" data-id=\"3a8cfa2\" data-element_type=\"widget\" data-e-type=\"widget\" data-widget_type=\"text-editor.default\">\n\t\t\t\t\t\t\t\t\tAwarded the critic\u2019s prize for painting, at the Fiera del Levante di Bari. With\u00a0<a title=\"Agostino Russo\" href=\"http:\/\/www.agostinorusso.com\/\">Agostino Russo<\/a>,\u00a0<a title=\"Daniela D'Avino\" href=\"http:\/\/www.premioartelaguna.it\/index.php\/to-be-continued\/366-personale-di-daniela-davino-qalice-ist-nicht-daq.html\">Daniela D\u2019Avino<\/a>,\u00a0<a title=\"Andrea Grosso Ciponte\" href=\"http:\/\/www.andreagrossociponte.com\/\">Andrea Grosso Ciponte<\/a>,\u00a0<a title=\"Giuseppe Di Cianni\" href=\"http:\/\/www.premioceleste.it\/artista-ita\/idu:13392\/\">Giuseppe di Cianni<\/a>\u00a0e\u00a0<a title=\"Graziella Nistic\u00f2\" href=\"http:\/\/www.premioceleste.it\/artista-ita\/idu:31039\/\">Graziella Nistic\u00f2<\/a>\u00a0the group\u00a0<a title=\" Senz\u00e0\" href=\"https:\/\/www.youtube.com\/watch?v=Wbkvbn8wbnM\">Senz\u00e0<\/a>\t\t\t\t\t\t\t\t<\/div>\n\t\t\t\t\t<\/div>\n\t\t<\/div>\n\t\t\t\t\t<\/div>\n\t\t<\/section>\n\t\t\t\t\t<\/div>\n\t\t<\/div>\n\t\t\t\t<div class=\"elementor-column elementor-col-33 elementor-top-column elementor-element elementor-element-d5d360c\" data-id=\"d5d360c\" data-element_type=\"column\" data-e-type=\"column\">\n\t\t\t<div class=\"elementor-widget-wrap elementor-element-populated\">\n\t\t\t\t\t\t<section class=\"elementor-section elementor-inner-section elementor-element elementor-element-5624c44 elementor-section-boxed elementor-section-height-default elementor-section-height-default\" data-id=\"5624c44\" data-element_type=\"section\" data-e-type=\"section\">\n\t\t\t\t\t\t<div class=\"elementor-container elementor-column-gap-default\">\n\t\t\t\t\t<div class=\"elementor-column elementor-col-50 elementor-inner-column elementor-element elementor-element-bb21bed\" data-id=\"bb21bed\" data-element_type=\"column\" data-e-type=\"column\">\n\t\t\t<div class=\"elementor-widget-wrap elementor-element-populated\">\n\t\t\t\t\t\t<div class=\"elementor-element elementor-element-c546685 elementor-widget elementor-widget-heading\" data-id=\"c546685\" data-element_type=\"widget\" data-e-type=\"widget\" data-widget_type=\"heading.default\">\n\t\t\t\t\t<h2 class=\"elementor-heading-title elementor-size-default\">1993<\/h2>\t\t\t\t<\/div>\n\t\t\t\t\t<\/div>\n\t\t<\/div>\n\t\t\t\t<div class=\"elementor-column elementor-col-50 elementor-inner-column elementor-element elementor-element-8b2993e\" data-id=\"8b2993e\" data-element_type=\"column\" data-e-type=\"column\">\n\t\t\t<div class=\"elementor-widget-wrap elementor-element-populated\">\n\t\t\t\t\t\t<div class=\"elementor-element elementor-element-c10cdb1 elementor-widget elementor-widget-text-editor\" data-id=\"c10cdb1\" data-element_type=\"widget\" data-e-type=\"widget\" data-widget_type=\"text-editor.default\">\n\t\t\t\t\t\t\t\t\tGraduated from the School of Painting in the \u2018Accademia di Belle Arti di Catanzaro\u201d.\t\t\t\t\t\t\t\t<\/div>\n\t\t\t\t\t<\/div>\n\t\t<\/div>\n\t\t\t\t\t<\/div>\n\t\t<\/section>\n\t\t\t\t\t<\/div>\n\t\t<\/div>\n\t\t\t\t\t<\/div>\n\t\t<\/section>\n\t\t\t\t<\/div>\n\t\t","protected":false},"excerpt":{"rendered":"<p>Foto: Andreas Romagnoli Nicola Rotiroti, born 24th June 1973 in Catanzaro , he lives and works in Rome. Foto: Eliana Giaccheri Foto: Giorgio Serri 2022 Participated in the collective exhibition &#8220;Osteria dei Pittori&#8221; curated by Roberto Gramiccia, Galleria Nuova Pesa, Rome 2021 &#8220;The Others&#8221; curated by Massimo Scaringella and Kou Gallery Torino. with the Sans [&hellip;]<\/p>\n","protected":false},"author":1,"featured_media":0,"parent":0,"menu_order":0,"comment_status":"open","ping_status":"closed","template":"elementor_header_footer","meta":{"ocean_post_layout":"","ocean_both_sidebars_style":"","ocean_both_sidebars_content_width":0,"ocean_both_sidebars_sidebars_width":0,"ocean_sidebar":"0","ocean_second_sidebar":"0","ocean_disable_margins":"enable","ocean_add_body_class":"","ocean_shortcode_before_top_bar":"","ocean_shortcode_after_top_bar":"","ocean_shortcode_before_header":"","ocean_shortcode_after_header":"","ocean_has_shortcode":"","ocean_shortcode_after_title":"","ocean_shortcode_before_footer_widgets":"","ocean_shortcode_after_footer_widgets":"","ocean_shortcode_before_footer_bottom":"","ocean_shortcode_after_footer_bottom":"","ocean_display_top_bar":"default","ocean_display_header":"default","ocean_header_style":"","ocean_center_header_left_menu":"0","ocean_custom_header_template":"0","ocean_custom_logo":0,"ocean_custom_retina_logo":0,"ocean_custom_logo_max_width":0,"ocean_custom_logo_tablet_max_width":0,"ocean_custom_logo_mobile_max_width":0,"ocean_custom_logo_max_height":0,"ocean_custom_logo_tablet_max_height":0,"ocean_custom_logo_mobile_max_height":0,"ocean_header_custom_menu":"0","ocean_menu_typo_font_family":"0","ocean_menu_typo_font_subset":"","ocean_menu_typo_font_size":0,"ocean_menu_typo_font_size_tablet":0,"ocean_menu_typo_font_size_mobile":0,"ocean_menu_typo_font_size_unit":"px","ocean_menu_typo_font_weight":"","ocean_menu_typo_font_weight_tablet":"","ocean_menu_typo_font_weight_mobile":"","ocean_menu_typo_transform":"","ocean_menu_typo_transform_tablet":"","ocean_menu_typo_transform_mobile":"","ocean_menu_typo_line_height":0,"ocean_menu_typo_line_height_tablet":0,"ocean_menu_typo_line_height_mobile":0,"ocean_menu_typo_line_height_unit":"","ocean_menu_typo_spacing":0,"ocean_menu_typo_spacing_tablet":0,"ocean_menu_typo_spacing_mobile":0,"ocean_menu_typo_spacing_unit":"","ocean_menu_link_color":"","ocean_menu_link_color_hover":"","ocean_menu_link_color_active":"","ocean_menu_link_background":"","ocean_menu_link_hover_background":"","ocean_menu_link_active_background":"","ocean_menu_social_links_bg":"","ocean_menu_social_hover_links_bg":"","ocean_menu_social_links_color":"","ocean_menu_social_hover_links_color":"","ocean_disable_title":"default","ocean_disable_heading":"default","ocean_post_title":"","ocean_post_subheading":"","ocean_post_title_style":"","ocean_post_title_background_color":"","ocean_post_title_background":0,"ocean_post_title_bg_image_position":"","ocean_post_title_bg_image_attachment":"","ocean_post_title_bg_image_repeat":"","ocean_post_title_bg_image_size":"","ocean_post_title_height":0,"ocean_post_title_bg_overlay":0.5,"ocean_post_title_bg_overlay_color":"","ocean_disable_breadcrumbs":"default","ocean_breadcrumbs_color":"","ocean_breadcrumbs_separator_color":"","ocean_breadcrumbs_links_color":"","ocean_breadcrumbs_links_hover_color":"","ocean_display_footer_widgets":"default","ocean_display_footer_bottom":"default","ocean_custom_footer_template":"0","osh_disable_topbar_sticky":"default","osh_disable_header_sticky":"default","osh_sticky_header_style":"default","osh_sticky_header_effect":"","osh_custom_sticky_logo":0,"osh_custom_retina_sticky_logo":0,"osh_custom_sticky_logo_height":0,"osh_background_color":"","osh_links_color":"","osh_links_hover_color":"","osh_links_active_color":"","osh_links_bg_color":"","osh_links_hover_bg_color":"","osh_links_active_bg_color":"","osh_menu_social_links_color":"","osh_menu_social_hover_links_color":"","footnotes":""},"class_list":["post-1609","page","type-page","status-publish","hentry","entry"],"yoast_head":"<!-- This site is optimized with the Yoast SEO plugin v27.5 - https:\/\/yoast.com\/product\/yoast-seo-wordpress\/ -->\n<title>Biography - Nicola Rotiroti<\/title>\n<meta name=\"robots\" content=\"index, follow, max-snippet:-1, max-image-preview:large, max-video-preview:-1\" \/>\n<link rel=\"canonical\" href=\"https:\/\/rotiroti.it\/en\/biography\/\" \/>\n<meta property=\"og:locale\" content=\"en_US\" \/>\n<meta property=\"og:type\" content=\"article\" \/>\n<meta property=\"og:title\" content=\"Biography - Nicola Rotiroti\" \/>\n<meta property=\"og:description\" content=\"Foto: Andreas Romagnoli Nicola Rotiroti, born 24th June 1973 in Catanzaro , he lives and works in Rome. Foto: Eliana Giaccheri Foto: Giorgio Serri 2022 Participated in the collective exhibition &#8220;Osteria dei Pittori&#8221; curated by Roberto Gramiccia, Galleria Nuova Pesa, Rome 2021 &#8220;The Others&#8221; curated by Massimo Scaringella and Kou Gallery Torino. with the Sans [&hellip;]\" \/>\n<meta property=\"og:url\" content=\"https:\/\/rotiroti.it\/en\/biography\/\" \/>\n<meta property=\"og:site_name\" content=\"Nicola Rotiroti\" \/>\n<meta property=\"article:publisher\" content=\"https:\/\/www.facebook.com\/nicola.rotiroti.7\" \/>\n<meta property=\"article:modified_time\" content=\"2022-04-29T09:48:50+00:00\" \/>\n<meta property=\"og:image\" content=\"https:\/\/rotiroti.it\/wp-content\/uploads\/2014\/11\/Ritratto-29-gg.jpg\" \/>\n<meta name=\"twitter:card\" content=\"summary_large_image\" \/>\n<meta name=\"twitter:site\" content=\"@NRotiroti\" \/>\n<meta name=\"twitter:label1\" content=\"Est. reading time\" \/>\n\t<meta name=\"twitter:data1\" content=\"5 minutes\" \/>\n<script type=\"application\/ld+json\" class=\"yoast-schema-graph\">{\"@context\":\"https:\\\/\\\/schema.org\",\"@graph\":[{\"@type\":\"WebPage\",\"@id\":\"https:\\\/\\\/rotiroti.it\\\/en\\\/biography\\\/\",\"url\":\"https:\\\/\\\/rotiroti.it\\\/en\\\/biography\\\/\",\"name\":\"Biography - Nicola Rotiroti\",\"isPartOf\":{\"@id\":\"https:\\\/\\\/rotiroti.it\\\/en\\\/#website\"},\"primaryImageOfPage\":{\"@id\":\"https:\\\/\\\/rotiroti.it\\\/en\\\/biography\\\/#primaryimage\"},\"image\":{\"@id\":\"https:\\\/\\\/rotiroti.it\\\/en\\\/biography\\\/#primaryimage\"},\"thumbnailUrl\":\"https:\\\/\\\/rotiroti.it\\\/wp-content\\\/uploads\\\/2014\\\/11\\\/Ritratto-29-gg.jpg\",\"datePublished\":\"2018-07-30T08:16:01+00:00\",\"dateModified\":\"2022-04-29T09:48:50+00:00\",\"breadcrumb\":{\"@id\":\"https:\\\/\\\/rotiroti.it\\\/en\\\/biography\\\/#breadcrumb\"},\"inLanguage\":\"en-US\",\"potentialAction\":[{\"@type\":\"ReadAction\",\"target\":[\"https:\\\/\\\/rotiroti.it\\\/en\\\/biography\\\/\"]}]},{\"@type\":\"ImageObject\",\"inLanguage\":\"en-US\",\"@id\":\"https:\\\/\\\/rotiroti.it\\\/en\\\/biography\\\/#primaryimage\",\"url\":\"https:\\\/\\\/rotiroti.it\\\/wp-content\\\/uploads\\\/2014\\\/11\\\/Ritratto-29-gg.jpg\",\"contentUrl\":\"https:\\\/\\\/rotiroti.it\\\/wp-content\\\/uploads\\\/2014\\\/11\\\/Ritratto-29-gg.jpg\"},{\"@type\":\"BreadcrumbList\",\"@id\":\"https:\\\/\\\/rotiroti.it\\\/en\\\/biography\\\/#breadcrumb\",\"itemListElement\":[{\"@type\":\"ListItem\",\"position\":1,\"name\":\"Home\",\"item\":\"https:\\\/\\\/rotiroti.it\\\/en\\\/\"},{\"@type\":\"ListItem\",\"position\":2,\"name\":\"Biography\"}]},{\"@type\":\"WebSite\",\"@id\":\"https:\\\/\\\/rotiroti.it\\\/en\\\/#website\",\"url\":\"https:\\\/\\\/rotiroti.it\\\/en\\\/\",\"name\":\"Nicola Rotiroti\",\"description\":\"Artista\",\"potentialAction\":[{\"@type\":\"SearchAction\",\"target\":{\"@type\":\"EntryPoint\",\"urlTemplate\":\"https:\\\/\\\/rotiroti.it\\\/en\\\/?s={search_term_string}\"},\"query-input\":{\"@type\":\"PropertyValueSpecification\",\"valueRequired\":true,\"valueName\":\"search_term_string\"}}],\"inLanguage\":\"en-US\"}]}<\/script>\n<!-- \/ Yoast SEO plugin. -->","yoast_head_json":{"title":"Biography - Nicola Rotiroti","robots":{"index":"index","follow":"follow","max-snippet":"max-snippet:-1","max-image-preview":"max-image-preview:large","max-video-preview":"max-video-preview:-1"},"canonical":"https:\/\/rotiroti.it\/en\/biography\/","og_locale":"en_US","og_type":"article","og_title":"Biography - Nicola Rotiroti","og_description":"Foto: Andreas Romagnoli Nicola Rotiroti, born 24th June 1973 in Catanzaro , he lives and works in Rome. Foto: Eliana Giaccheri Foto: Giorgio Serri 2022 Participated in the collective exhibition &#8220;Osteria dei Pittori&#8221; curated by Roberto Gramiccia, Galleria Nuova Pesa, Rome 2021 &#8220;The Others&#8221; curated by Massimo Scaringella and Kou Gallery Torino. with the Sans [&hellip;]","og_url":"https:\/\/rotiroti.it\/en\/biography\/","og_site_name":"Nicola Rotiroti","article_publisher":"https:\/\/www.facebook.com\/nicola.rotiroti.7","article_modified_time":"2022-04-29T09:48:50+00:00","og_image":[{"url":"https:\/\/rotiroti.it\/wp-content\/uploads\/2014\/11\/Ritratto-29-gg.jpg","type":"","width":"","height":""}],"twitter_card":"summary_large_image","twitter_site":"@NRotiroti","twitter_misc":{"Est. reading time":"5 minutes"},"schema":{"@context":"https:\/\/schema.org","@graph":[{"@type":"WebPage","@id":"https:\/\/rotiroti.it\/en\/biography\/","url":"https:\/\/rotiroti.it\/en\/biography\/","name":"Biography - Nicola Rotiroti","isPartOf":{"@id":"https:\/\/rotiroti.it\/en\/#website"},"primaryImageOfPage":{"@id":"https:\/\/rotiroti.it\/en\/biography\/#primaryimage"},"image":{"@id":"https:\/\/rotiroti.it\/en\/biography\/#primaryimage"},"thumbnailUrl":"https:\/\/rotiroti.it\/wp-content\/uploads\/2014\/11\/Ritratto-29-gg.jpg","datePublished":"2018-07-30T08:16:01+00:00","dateModified":"2022-04-29T09:48:50+00:00","breadcrumb":{"@id":"https:\/\/rotiroti.it\/en\/biography\/#breadcrumb"},"inLanguage":"en-US","potentialAction":[{"@type":"ReadAction","target":["https:\/\/rotiroti.it\/en\/biography\/"]}]},{"@type":"ImageObject","inLanguage":"en-US","@id":"https:\/\/rotiroti.it\/en\/biography\/#primaryimage","url":"https:\/\/rotiroti.it\/wp-content\/uploads\/2014\/11\/Ritratto-29-gg.jpg","contentUrl":"https:\/\/rotiroti.it\/wp-content\/uploads\/2014\/11\/Ritratto-29-gg.jpg"},{"@type":"BreadcrumbList","@id":"https:\/\/rotiroti.it\/en\/biography\/#breadcrumb","itemListElement":[{"@type":"ListItem","position":1,"name":"Home","item":"https:\/\/rotiroti.it\/en\/"},{"@type":"ListItem","position":2,"name":"Biography"}]},{"@type":"WebSite","@id":"https:\/\/rotiroti.it\/en\/#website","url":"https:\/\/rotiroti.it\/en\/","name":"Nicola Rotiroti","description":"Artista","potentialAction":[{"@type":"SearchAction","target":{"@type":"EntryPoint","urlTemplate":"https:\/\/rotiroti.it\/en\/?s={search_term_string}"},"query-input":{"@type":"PropertyValueSpecification","valueRequired":true,"valueName":"search_term_string"}}],"inLanguage":"en-US"}]}},"_links":{"self":[{"href":"https:\/\/rotiroti.it\/en\/wp-json\/wp\/v2\/pages\/1609","targetHints":{"allow":["GET"]}}],"collection":[{"href":"https:\/\/rotiroti.it\/en\/wp-json\/wp\/v2\/pages"}],"about":[{"href":"https:\/\/rotiroti.it\/en\/wp-json\/wp\/v2\/types\/page"}],"author":[{"embeddable":true,"href":"https:\/\/rotiroti.it\/en\/wp-json\/wp\/v2\/users\/1"}],"replies":[{"embeddable":true,"href":"https:\/\/rotiroti.it\/en\/wp-json\/wp\/v2\/comments?post=1609"}],"version-history":[{"count":15,"href":"https:\/\/rotiroti.it\/en\/wp-json\/wp\/v2\/pages\/1609\/revisions"}],"predecessor-version":[{"id":3654,"href":"https:\/\/rotiroti.it\/en\/wp-json\/wp\/v2\/pages\/1609\/revisions\/3654"}],"wp:attachment":[{"href":"https:\/\/rotiroti.it\/en\/wp-json\/wp\/v2\/media?parent=1609"}],"curies":[{"name":"wp","href":"https:\/\/api.w.org\/{rel}","templated":true}]}}